{"id":1217,"date":"2017-01-11T15:58:00","date_gmt":"2017-01-11T15:58:00","guid":{"rendered":"http:\/\/www.conseg.pt\/de\/?page_id=1217"},"modified":"2020-11-02T16:28:30","modified_gmt":"2020-11-02T16:28:30","slug":"kfz-versicherung","status":"publish","type":"page","link":"https:\/\/www.conseg.pt\/de\/privat\/kfz-versicherung\/","title":{"rendered":"Kfz-Versicherung"},"content":{"rendered":"<p>[vc_row][vc_column width=&#8221;2\/3&#8243;]<div id=\"ultimate-heading-997869f27278442ab\" class=\"uvc-heading ult-adjust-bottom-margin ultimate-heading-997869f27278442ab uvc-7918 \" data-hspacer=\"no_spacer\"  data-halign=\"left\" style=\"text-align:left\"><div class=\"uvc-heading-spacer no_spacer\" style=\"top\"><\/div><div class=\"uvc-main-heading ult-responsive\"  data-ultimate-target='.uvc-heading.ultimate-heading-997869f27278442ab h2'  data-responsive-json-new='{\"font-size\":\"\",\"line-height\":\"\"}' ><h2 style=\"font-weight:normal;margin-bottom:10px;\">Die Kfz-Haftpflichtversicherung ist eine gesetzlich vorgeschriebene Pflichtversicherung!<\/h2><\/div><\/div>[vc_column_text]Die Kfz-Haftpflichtversicherung sch\u00fctzt Sie vor Anspr\u00fcchen Dritter im Stra\u00dfenverkehr.[\/vc_column_text]<div id=\"ultimate-heading-81169f2727844337\" class=\"uvc-heading ult-adjust-bottom-margin ultimate-heading-81169f2727844337 uvc-3594 \" data-hspacer=\"no_spacer\"  data-halign=\"left\" style=\"text-align:left\"><div class=\"uvc-heading-spacer no_spacer\" style=\"top\"><\/div><div class=\"uvc-main-heading ult-responsive\"  data-ultimate-target='.uvc-heading.ultimate-heading-81169f2727844337 h2'  data-responsive-json-new='{\"font-size\":\"\",\"line-height\":\"\"}' ><h2 style=\"font-weight:normal;margin-bottom:10px;\">Abdeckungen bei der Kfz-Versicherung<\/h2><\/div><\/div>[vc_column_text]Im Gegensatz zu Deutschland gibt es in Portugal verschiedene Kombinationsm\u00f6glichkeiten sowohl bei der Haftpflicht- als auch bei der Kaskoversicherung. Bitte fragen Sie nach.[\/vc_column_text]<a href=\"http:\/\/www.conseg.pt\/de\/kontakte\/\" class=\"btn-shortcode dt-btn-m dt-btn default-btn-color default-btn-hover-color default-btn-bg-color default-btn-bg-hover-color\" id=\"dt-btn-1\"><i class=\"fa fa-info-circle\"><\/i><span>Kontaktieren Sie uns<\/span><\/a>[\/vc_column][vc_column width=&#8221;1\/3&#8243;][vc_single_image image=&#8221;1611&#8243; img_size=&#8221;full&#8221; alignment=&#8221;center&#8221;][\/vc_column][\/vc_row]<\/p>\n","protected":false},"excerpt":{"rendered":"<p>[vc_row][vc_column width=&#8221;2\/3&#8243;][vc_column_text]Die Kfz-Haftpflichtversicherung sch\u00fctzt Sie vor Anspr\u00fcchen Dritter im Stra\u00dfenverkehr.[\/vc_column_text][vc_column_text]Im Gegensatz zu Deutschland gibt es in Portugal verschiedene Kombinationsm\u00f6glichkeiten sowohl bei der Haftpflicht- als auch bei der Kaskoversicherung. Bitte fragen Sie nach.[\/vc_column_text][\/vc_column][vc_column width=&#8221;1\/3&#8243;][vc_single_image image=&#8221;1611&#8243; img_size=&#8221;full&#8221; alignment=&#8221;center&#8221;][\/vc_column][\/vc_row]<\/p>\n","protected":false},"author":1,"featured_media":1332,"parent":1213,"menu_order":0,"comment_status":"closed","ping_status":"closed","template":"","meta":[],"yoast_head":"<!-- This site is optimized with the Yoast SEO plugin v15.9 - https:\/\/yoast.com\/wordpress\/plugins\/seo\/ -->\n<title>Kfz-Versicherung | Conseg<\/title>\n<meta name=\"robots\" content=\"index, follow, max-snippet:-1, max-image-preview:large, max-video-preview:-1\" \/>\n<link rel=\"canonical\" href=\"https:\/\/www.conseg.pt\/de\/privat\/kfz-versicherung\/\" \/>\n<meta property=\"og:locale\" content=\"de_DE\" \/>\n<meta property=\"og:type\" content=\"article\" \/>\n<meta property=\"og:title\" content=\"Kfz-Versicherung | Conseg\" \/>\n<meta property=\"og:description\" content=\"[vc_row][vc_column width=&#8221;2\/3&#8243;][vc_column_text]Die Kfz-Haftpflichtversicherung sch\u00fctzt Sie vor Anspr\u00fcchen Dritter im Stra\u00dfenverkehr.[\/vc_column_text][vc_column_text]Im Gegensatz zu Deutschland gibt es in Portugal verschiedene Kombinationsm\u00f6glichkeiten sowohl bei der Haftpflicht- als auch bei der Kaskoversicherung. Bitte fragen Sie nach.[\/vc_column_text][\/vc_column][vc_column width=&#8221;1\/3&#8243;][vc_single_image image=&#8221;1611&#8243; img_size=&#8221;full&#8221; alignment=&#8221;center&#8221;][\/vc_column][\/vc_row]\" \/>\n<meta property=\"og:url\" content=\"https:\/\/www.conseg.pt\/de\/privat\/kfz-versicherung\/\" \/>\n<meta property=\"og:site_name\" content=\"Conseg\" \/>\n<meta property=\"article:publisher\" content=\"https:\/\/www.facebook.com\/Conseg.pt\/\" \/>\n<meta property=\"article:modified_time\" content=\"2020-11-02T16:28:30+00:00\" \/>\n<meta property=\"og:image\" content=\"https:\/\/www.conseg.pt\/wp-content\/uploads\/2016\/12\/seguro-automovel.png\" \/>\n\t<meta property=\"og:image:width\" content=\"900\" \/>\n\t<meta property=\"og:image:height\" content=\"600\" \/>\n<meta name=\"twitter:card\" content=\"summary\" \/>\n<meta name=\"twitter:label1\" content=\"Est. reading time\">\n\t<meta name=\"twitter:data1\" content=\"1 minute\">\n<script type=\"application\/ld+json\" class=\"yoast-schema-graph\">{\"@context\":\"https:\/\/schema.org\",\"@graph\":[{\"@type\":\"Organization\",\"@id\":\"https:\/\/www.conseg.pt\/#organization\",\"name\":\"Conseg seguros\",\"url\":\"https:\/\/www.conseg.pt\/\",\"sameAs\":[\"https:\/\/www.facebook.com\/Conseg.pt\/\",\"https:\/\/www.instagram.com\/conseg.pt\/\"],\"logo\":{\"@type\":\"ImageObject\",\"@id\":\"https:\/\/www.conseg.pt\/#logo\",\"inLanguage\":\"de-DE\",\"url\":\"https:\/\/www.conseg.pt\/wp-content\/uploads\/2020\/11\/Logo_Conseg-01-e1604333642146.png\",\"width\":500,\"height\":313,\"caption\":\"Conseg seguros\"},\"image\":{\"@id\":\"https:\/\/www.conseg.pt\/#logo\"}},{\"@type\":\"WebSite\",\"@id\":\"https:\/\/www.conseg.pt\/#website\",\"url\":\"https:\/\/www.conseg.pt\/\",\"name\":\"Conseg\",\"description\":\"Seguros\",\"publisher\":{\"@id\":\"https:\/\/www.conseg.pt\/#organization\"},\"potentialAction\":[{\"@type\":\"SearchAction\",\"target\":\"https:\/\/www.conseg.pt\/?s={search_term_string}\",\"query-input\":\"required name=search_term_string\"}],\"inLanguage\":\"de-DE\"},{\"@type\":\"ImageObject\",\"@id\":\"https:\/\/www.conseg.pt\/de\/privat\/kfz-versicherung\/#primaryimage\",\"inLanguage\":\"de-DE\",\"url\":\"https:\/\/www.conseg.pt\/wp-content\/uploads\/2016\/12\/seguro-automovel.png\",\"width\":900,\"height\":600},{\"@type\":\"WebPage\",\"@id\":\"https:\/\/www.conseg.pt\/de\/privat\/kfz-versicherung\/#webpage\",\"url\":\"https:\/\/www.conseg.pt\/de\/privat\/kfz-versicherung\/\",\"name\":\"Kfz-Versicherung | Conseg\",\"isPartOf\":{\"@id\":\"https:\/\/www.conseg.pt\/#website\"},\"primaryImageOfPage\":{\"@id\":\"https:\/\/www.conseg.pt\/de\/privat\/kfz-versicherung\/#primaryimage\"},\"datePublished\":\"2017-01-11T15:58:00+00:00\",\"dateModified\":\"2020-11-02T16:28:30+00:00\",\"breadcrumb\":{\"@id\":\"https:\/\/www.conseg.pt\/de\/privat\/kfz-versicherung\/#breadcrumb\"},\"inLanguage\":\"de-DE\",\"potentialAction\":[{\"@type\":\"ReadAction\",\"target\":[\"https:\/\/www.conseg.pt\/de\/privat\/kfz-versicherung\/\"]}]},{\"@type\":\"BreadcrumbList\",\"@id\":\"https:\/\/www.conseg.pt\/de\/privat\/kfz-versicherung\/#breadcrumb\",\"itemListElement\":[{\"@type\":\"ListItem\",\"position\":1,\"item\":{\"@type\":\"WebPage\",\"@id\":\"https:\/\/www.conseg.pt\/de\/\",\"url\":\"https:\/\/www.conseg.pt\/de\/\",\"name\":\"Home\"}},{\"@type\":\"ListItem\",\"position\":2,\"item\":{\"@type\":\"WebPage\",\"@id\":\"https:\/\/www.conseg.pt\/de\/privat\/\",\"url\":\"https:\/\/www.conseg.pt\/de\/privat\/\",\"name\":\"Privatpersonen\"}},{\"@type\":\"ListItem\",\"position\":3,\"item\":{\"@type\":\"WebPage\",\"@id\":\"https:\/\/www.conseg.pt\/de\/privat\/kfz-versicherung\/\",\"url\":\"https:\/\/www.conseg.pt\/de\/privat\/kfz-versicherung\/\",\"name\":\"Kfz-Versicherung\"}}]}]}<\/script>\n<!-- \/ Yoast SEO plugin. -->","_links":{"self":[{"href":"https:\/\/www.conseg.pt\/de\/wp-json\/wp\/v2\/pages\/1217"}],"collection":[{"href":"https:\/\/www.conseg.pt\/de\/wp-json\/wp\/v2\/pages"}],"about":[{"href":"https:\/\/www.conseg.pt\/de\/wp-json\/wp\/v2\/types\/page"}],"author":[{"embeddable":true,"href":"https:\/\/www.conseg.pt\/de\/wp-json\/wp\/v2\/users\/1"}],"replies":[{"embeddable":true,"href":"https:\/\/www.conseg.pt\/de\/wp-json\/wp\/v2\/comments?post=1217"}],"version-history":[{"count":5,"href":"https:\/\/www.conseg.pt\/de\/wp-json\/wp\/v2\/pages\/1217\/revisions"}],"predecessor-version":[{"id":1889,"href":"https:\/\/www.conseg.pt\/de\/wp-json\/wp\/v2\/pages\/1217\/revisions\/1889"}],"up":[{"embeddable":true,"href":"https:\/\/www.conseg.pt\/de\/wp-json\/wp\/v2\/pages\/1213"}],"wp:featuredmedia":[{"embeddable":true,"href":"https:\/\/www.conseg.pt\/de\/wp-json\/wp\/v2\/media\/1332"}],"wp:attachment":[{"href":"https:\/\/www.conseg.pt\/de\/wp-json\/wp\/v2\/media?parent=1217"}],"curies":[{"name":"wp","href":"https:\/\/api.w.org\/{rel}","templated":true}]}}