{"id":2179,"date":"2020-11-19T16:00:47","date_gmt":"2020-11-19T16:00:47","guid":{"rendered":"https:\/\/www.conseg.pt\/fr\/?page_id=2179"},"modified":"2020-11-19T16:00:51","modified_gmt":"2020-11-19T16:00:51","slug":"assurance-sante-collective","status":"publish","type":"page","link":"https:\/\/www.conseg.pt\/fr\/entreprise\/assurance-sante-collective\/","title":{"rendered":"Assurance Sant\u00e9 Collective"},"content":{"rendered":"\n<p><\/p>\n\n\n<p>[vc_row][vc_column width=&#8221;2\/3&#8243;]<div id=\"ultimate-heading-228069f281715af06\" class=\"uvc-heading ult-adjust-bottom-margin ultimate-heading-228069f281715af06 uvc-456 \" data-hspacer=\"no_spacer\"  data-halign=\"left\" style=\"text-align:left\"><div class=\"uvc-heading-spacer no_spacer\" style=\"top\"><\/div><div class=\"uvc-main-heading ult-responsive\"  data-ultimate-target='.uvc-heading.ultimate-heading-228069f281715af06 h2'  data-responsive-json-new='{\"font-size\":\"\",\"line-height\":\"\"}' ><h2 style=\"font-weight:normal;margin-bottom:10px;\">L'assurance Sant\u00e9 Collective est un excellent moyen de valoriser les employ\u00e9s de votre entreprise<\/h2><\/div><\/div>[vc_column_text]<\/p>\n<p>L&#8217;assurance maladie collective offre \u00e0 votre entreprise la possibilit\u00e9, en cas de maladie ou d&#8217;accident, de permettre \u00e0 vos salari\u00e9s et \u00e9ventuellement aux membres de votre famille, des soins m\u00e9dicaux de qualit\u00e9 \u00e0 moindre co\u00fbt, favorisant la satisfaction des salari\u00e9s et r\u00e9duisant l&#8217;absent\u00e9isme. Outre le fait que la prime d&#8217;assurance est d\u00e9ductible d&#8217;imp\u00f4t, elle n&#8217;est pas non plus soumise aux paiements de s\u00e9curit\u00e9 sociale.<\/p>\n<p>Il existe toutes sortes de solutions adapt\u00e9es aux int\u00e9r\u00eats de l&#8217;entreprise. Que ce soit en utilisant les r\u00e9seaux de prestataires de soins, ou si vous souhaitez opter pour le r\u00e9gime de remboursement classique. Ou simplement en acc\u00e9dant \u00e0 des consultations sp\u00e9ciales gr\u00e2ce \u00e0 des cartes de r\u00e9duction.<\/p>\n<p>[\/vc_column_text]<a href=\"http:\/\/www.conseg.pt\/contactos\/\" class=\"btn-shortcode dt-btn-m dt-btn default-btn-color default-btn-hover-color default-btn-bg-color default-btn-bg-hover-color\" id=\"dt-btn-1\"><i class=\"fa fa-info-circle\"><\/i><span>Contactez-nous<\/span><\/a>[\/vc_column][vc_column width=&#8221;1\/3&#8243;][vc_single_image image=&#8221;1616&#8243; img_size=&#8221;full&#8221; alignment=&#8221;center&#8221;][\/vc_column][\/vc_row]<\/p>\n\n\n\n<p><\/p>\n","protected":false},"excerpt":{"rendered":"<p>[vc_row][vc_column width=&#8221;2\/3&#8243;]L&#8217;assurance Sant\u00e9 Collective est un excellent moyen de valoriser les employ\u00e9s de votre entreprise[vc_column_text] L&#8217;assurance maladie collective offre \u00e0 votre entreprise la possibilit\u00e9, en cas de maladie ou d&#8217;accident, de permettre \u00e0 vos salari\u00e9s et \u00e9ventuellement aux membres de votre famille, des soins m\u00e9dicaux de qualit\u00e9 \u00e0 moindre co\u00fbt, favorisant la satisfaction des salari\u00e9s&hellip;<\/p>\n","protected":false},"author":1,"featured_media":0,"parent":1997,"menu_order":4,"comment_status":"closed","ping_status":"closed","template":"","meta":[],"yoast_head":"<!-- This site is optimized with the Yoast SEO plugin v15.9 - https:\/\/yoast.com\/wordpress\/plugins\/seo\/ -->\n<title>Assurance Sant\u00e9 Collective | Conseg<\/title>\n<meta name=\"robots\" content=\"index, follow, max-snippet:-1, max-image-preview:large, max-video-preview:-1\" \/>\n<link rel=\"canonical\" href=\"https:\/\/www.conseg.pt\/fr\/entreprise\/assurance-sante-collective\/\" \/>\n<meta property=\"og:locale\" content=\"fr_FR\" \/>\n<meta property=\"og:type\" content=\"article\" \/>\n<meta property=\"og:title\" content=\"Assurance Sant\u00e9 Collective | Conseg\" \/>\n<meta property=\"og:url\" content=\"https:\/\/www.conseg.pt\/fr\/entreprise\/assurance-sante-collective\/\" \/>\n<meta property=\"og:site_name\" content=\"Conseg\" \/>\n<meta property=\"article:publisher\" content=\"https:\/\/www.facebook.com\/Conseg.pt\/\" \/>\n<meta property=\"article:modified_time\" content=\"2020-11-19T16:00:51+00:00\" \/>\n<meta property=\"og:image\" content=\"https:\/\/www.conseg.pt\/wp-content\/uploads\/2020\/11\/Logo_Conseg-01-e1604333642146.png\" \/>\n\t<meta property=\"og:image:width\" content=\"500\" \/>\n\t<meta property=\"og:image:height\" content=\"313\" \/>\n<meta name=\"twitter:card\" content=\"summary\" \/>\n<meta name=\"twitter:label1\" content=\"Est. reading time\">\n\t<meta name=\"twitter:data1\" content=\"1 minute\">\n<script type=\"application\/ld+json\" class=\"yoast-schema-graph\">{\"@context\":\"https:\/\/schema.org\",\"@graph\":[{\"@type\":\"Organization\",\"@id\":\"https:\/\/www.conseg.pt\/#organization\",\"name\":\"Conseg seguros\",\"url\":\"https:\/\/www.conseg.pt\/\",\"sameAs\":[\"https:\/\/www.facebook.com\/Conseg.pt\/\",\"https:\/\/www.instagram.com\/conseg.pt\/\"],\"logo\":{\"@type\":\"ImageObject\",\"@id\":\"https:\/\/www.conseg.pt\/#logo\",\"inLanguage\":\"fr-FR\",\"url\":\"https:\/\/www.conseg.pt\/wp-content\/uploads\/2020\/11\/Logo_Conseg-01-e1604333642146.png\",\"width\":500,\"height\":313,\"caption\":\"Conseg seguros\"},\"image\":{\"@id\":\"https:\/\/www.conseg.pt\/#logo\"}},{\"@type\":\"WebSite\",\"@id\":\"https:\/\/www.conseg.pt\/#website\",\"url\":\"https:\/\/www.conseg.pt\/\",\"name\":\"Conseg\",\"description\":\"Seguros\",\"publisher\":{\"@id\":\"https:\/\/www.conseg.pt\/#organization\"},\"potentialAction\":[{\"@type\":\"SearchAction\",\"target\":\"https:\/\/www.conseg.pt\/?s={search_term_string}\",\"query-input\":\"required name=search_term_string\"}],\"inLanguage\":\"fr-FR\"},{\"@type\":\"WebPage\",\"@id\":\"https:\/\/www.conseg.pt\/fr\/entreprise\/assurance-sante-collective\/#webpage\",\"url\":\"https:\/\/www.conseg.pt\/fr\/entreprise\/assurance-sante-collective\/\",\"name\":\"Assurance Sant\\u00e9 Collective | Conseg\",\"isPartOf\":{\"@id\":\"https:\/\/www.conseg.pt\/#website\"},\"datePublished\":\"2020-11-19T16:00:47+00:00\",\"dateModified\":\"2020-11-19T16:00:51+00:00\",\"breadcrumb\":{\"@id\":\"https:\/\/www.conseg.pt\/fr\/entreprise\/assurance-sante-collective\/#breadcrumb\"},\"inLanguage\":\"fr-FR\",\"potentialAction\":[{\"@type\":\"ReadAction\",\"target\":[\"https:\/\/www.conseg.pt\/fr\/entreprise\/assurance-sante-collective\/\"]}]},{\"@type\":\"BreadcrumbList\",\"@id\":\"https:\/\/www.conseg.pt\/fr\/entreprise\/assurance-sante-collective\/#breadcrumb\",\"itemListElement\":[{\"@type\":\"ListItem\",\"position\":1,\"item\":{\"@type\":\"WebPage\",\"@id\":\"https:\/\/www.conseg.pt\/fr\/\",\"url\":\"https:\/\/www.conseg.pt\/fr\/\",\"name\":\"Home\"}},{\"@type\":\"ListItem\",\"position\":2,\"item\":{\"@type\":\"WebPage\",\"@id\":\"https:\/\/www.conseg.pt\/fr\/entreprise\/\",\"url\":\"https:\/\/www.conseg.pt\/fr\/entreprise\/\",\"name\":\"Assurance Entreprise\"}},{\"@type\":\"ListItem\",\"position\":3,\"item\":{\"@type\":\"WebPage\",\"@id\":\"https:\/\/www.conseg.pt\/fr\/entreprise\/assurance-sante-collective\/\",\"url\":\"https:\/\/www.conseg.pt\/fr\/entreprise\/assurance-sante-collective\/\",\"name\":\"Assurance Sant\\u00e9 Collective\"}}]}]}<\/script>\n<!-- \/ Yoast SEO plugin. -->","_links":{"self":[{"href":"https:\/\/www.conseg.pt\/fr\/wp-json\/wp\/v2\/pages\/2179"}],"collection":[{"href":"https:\/\/www.conseg.pt\/fr\/wp-json\/wp\/v2\/pages"}],"about":[{"href":"https:\/\/www.conseg.pt\/fr\/wp-json\/wp\/v2\/types\/page"}],"author":[{"embeddable":true,"href":"https:\/\/www.conseg.pt\/fr\/wp-json\/wp\/v2\/users\/1"}],"replies":[{"embeddable":true,"href":"https:\/\/www.conseg.pt\/fr\/wp-json\/wp\/v2\/comments?post=2179"}],"version-history":[{"count":1,"href":"https:\/\/www.conseg.pt\/fr\/wp-json\/wp\/v2\/pages\/2179\/revisions"}],"predecessor-version":[{"id":2180,"href":"https:\/\/www.conseg.pt\/fr\/wp-json\/wp\/v2\/pages\/2179\/revisions\/2180"}],"up":[{"embeddable":true,"href":"https:\/\/www.conseg.pt\/fr\/wp-json\/wp\/v2\/pages\/1997"}],"wp:attachment":[{"href":"https:\/\/www.conseg.pt\/fr\/wp-json\/wp\/v2\/media?parent=2179"}],"curies":[{"name":"wp","href":"https:\/\/api.w.org\/{rel}","templated":true}]}}